{"id":241,"date":"2019-04-17T07:40:31","date_gmt":"2019-04-17T07:40:31","guid":{"rendered":"https:\/\/ifesworld.org\/landing\/notre-travail\/"},"modified":"2024-01-24T15:00:10","modified_gmt":"2024-01-24T15:00:10","slug":"notre-travail","status":"publish","type":"page","link":"https:\/\/fru2.ifesworld.org\/fr\/notre-travail\/","title":{"rendered":"Notre travail"},"content":{"rendered":"<div class=\"wp-block block-core-paragraph\">\n<p class=\"has-md-font-size\">L\u2019IFES travaille dans plus de 180 pays en vue d\u2019y \u00e9tablir et de soutenir des mouvements chr\u00e9tiens indig\u00e8nes dirig\u00e9s par les \u00e9tudiants.<\/p>\n<\/div>\n\n<div class=\"wp-block block-core-paragraph\">\n<p>Au c\u0153ur de ce que nous faisons, il y a le d\u00e9sir de voir les \u00e9tudiants  qui croissent ensemble en tant que communaut\u00e9s de disciples transform\u00e9s par l\u2019\u00c9vangile et ayant un impact \u00e0 l\u2019universit\u00e9, \u00e0 l\u2019\u00c9glise et dans la soci\u00e9t\u00e9 pour la gloire du Christ.<\/p>\n<\/div>\n\n<div class=\"wp-block block-core-paragraph\">\n<p>Ainsi, qu\u2019est-ce que cela veut dire concr\u00e8tement ?  Notre travail vise \u00e0 soutenir le minist\u00e8re parmi les \u00e9tudiants par les moyens suivants<\/p>\n<\/div>\n\n<div class=\"wp-block block-acf-calltoactiongrid alignwide\">\n<section id=\"calltoactiongrid-block-block_f855bb28b8afb0b93223cd1a66977c77\" class=\"alignwide calltoaction--grid custom-post-list list--custom\">\n    <ul class='post-list items--3 flex flex--wrap flex--center-x no-style'>\n                <li class=\"post__item flex flex--column\">\n              <article>\n                  <figure class=\"image--absolute--center image--absolute--mask image--absolute--aspect-ratio aspect-ratio--4-3\">\n                    <img loading=\"lazy\" decoding=\"async\" width=\"300\" height=\"169\" src=\"https:\/\/fru2.ifesworld.org\/wp-content\/uploads\/2018\/08\/180814-Brazil-300x169.jpg\" class=\"attachment-medium size-medium\" alt=\"180814 Brazil\" srcset=\"https:\/\/fru2.ifesworld.org\/wp-content\/uploads\/2018\/08\/180814-Brazil-300x169.jpg 300w, https:\/\/fru2.ifesworld.org\/wp-content\/uploads\/2018\/08\/180814-Brazil-768x432.jpg 768w, https:\/\/fru2.ifesworld.org\/wp-content\/uploads\/2018\/08\/180814-Brazil-1024x576.jpg 1024w, https:\/\/fru2.ifesworld.org\/wp-content\/uploads\/2018\/08\/180814-Brazil.jpg 1280w\" sizes=\"(max-width: 300px) 100vw, 300px\" \/>                  <\/figure>\n                  <div class=\"ctagrid__content flex flex--column flex--end\">\n                      <header class=\"ctagrid__header flex flex--center aspect-ratio--4-3\">\n                          <h2 class=\"h1 flex flex--column flex--center\">Pionniers<\/h2>\n                      <\/header>\n                      <p class=\"text--center\">L\u2019IFES \u0153uvre en collaboration avec ses mouvements nationaux en vue d\u2019\u00e9tablir des nouveaux minist\u00e8res \u00e9tudiants sur les campus dans les villes et les pays non atteints jusqu\u2019ici.<\/p>\n                       \n<div class=\"align--center\">\n    <a id=\"calltoactiongrid-block-block_f855bb28b8afb0b93223cd1a66977c77\" target=\"\" href=\"http:\/\/ifesworld.org\/fr\/temoin-etudiant-pionnier\/\" class=\"grid-cta__button btn btn--secondary\">\n        <span>\n        En savoir plus        <\/span>\n    <\/a>\n<\/div>\n\n                  <\/div>\n              <\/article>\n          <\/li>\n                <li class=\"post__item flex flex--column\">\n              <article>\n                  <figure class=\"image--absolute--center image--absolute--mask image--absolute--aspect-ratio aspect-ratio--4-3\">\n                    <img loading=\"lazy\" decoding=\"async\" width=\"300\" height=\"169\" src=\"https:\/\/fru2.ifesworld.org\/wp-content\/uploads\/2018\/10\/181030-gift-habeshaw-699056-unsplash-300x169.jpg\" class=\"attachment-medium size-medium\" alt=\"181030 gift-habeshaw-699056-unsplash\" srcset=\"https:\/\/fru2.ifesworld.org\/wp-content\/uploads\/2018\/10\/181030-gift-habeshaw-699056-unsplash-300x169.jpg 300w, https:\/\/fru2.ifesworld.org\/wp-content\/uploads\/2018\/10\/181030-gift-habeshaw-699056-unsplash-768x432.jpg 768w, https:\/\/fru2.ifesworld.org\/wp-content\/uploads\/2018\/10\/181030-gift-habeshaw-699056-unsplash-1024x576.jpg 1024w, https:\/\/fru2.ifesworld.org\/wp-content\/uploads\/2018\/10\/181030-gift-habeshaw-699056-unsplash.jpg 1280w\" sizes=\"(max-width: 300px) 100vw, 300px\" \/>                  <\/figure>\n                  <div class=\"ctagrid__content flex flex--column flex--end\">\n                      <header class=\"ctagrid__header flex flex--center aspect-ratio--4-3\">\n                          <h2 class=\"h1 flex flex--column flex--center\">L\u2019\u00e9vang\u00e9lisation<\/h2>\n                      <\/header>\n                      <p class=\"text--center\">L\u2019IFES offre des programmes de formation, des ressources financi\u00e8res et du mat\u00e9riel pour promouvoir l\u2019\u00e9vang\u00e9lisation au sein des mouvements nationaux.<\/p>\n                       \n<div class=\"align--center\">\n    <a id=\"calltoactiongrid-block-block_f855bb28b8afb0b93223cd1a66977c77\" target=\"\" href=\"http:\/\/ifesworld.org\/fr\/evangelisme-universitaire-inspirant\/\" class=\"grid-cta__button btn btn--secondary\">\n        <span>\n        En savoir plus        <\/span>\n    <\/a>\n<\/div>\n\n                  <\/div>\n              <\/article>\n          <\/li>\n                <li class=\"post__item flex flex--column\">\n              <article>\n                  <figure class=\"image--absolute--center image--absolute--mask image--absolute--aspect-ratio aspect-ratio--4-3\">\n                    <img loading=\"lazy\" decoding=\"async\" width=\"300\" height=\"199\" src=\"https:\/\/fru2.ifesworld.org\/wp-content\/uploads\/2018\/07\/180703-Trinidad-and-Tobago-300x199.jpg\" class=\"attachment-medium size-medium\" alt=\"180703 Trinidad and Tobago\" srcset=\"https:\/\/fru2.ifesworld.org\/wp-content\/uploads\/2018\/07\/180703-Trinidad-and-Tobago-300x199.jpg 300w, https:\/\/fru2.ifesworld.org\/wp-content\/uploads\/2018\/07\/180703-Trinidad-and-Tobago-768x510.jpg 768w, https:\/\/fru2.ifesworld.org\/wp-content\/uploads\/2018\/07\/180703-Trinidad-and-Tobago.jpg 960w\" sizes=\"(max-width: 300px) 100vw, 300px\" \/>                  <\/figure>\n                  <div class=\"ctagrid__content flex flex--column flex--end\">\n                      <header class=\"ctagrid__header flex flex--center aspect-ratio--4-3\">\n                          <h2 class=\"h1 flex flex--column flex--center\">Interagir avec l\u2019universit\u00e9<\/h2>\n                      <\/header>\n                      <p class=\"text--center\">Par ses consultations r\u00e9gionales, ses ressources et le mentorat offert, l\u2019IFES vise \u00e0 \u00e9quiper les mouvements nationaux pour qu\u2019ils aident les \u00e9tudiants \u00e0 r\u00e9fl\u00e9chir bibliquement et \u00e0 vivre de mani\u00e8re missionale dans tous les domaines de la vie universitaire.<\/p>\n                       \n<div class=\"align--center\">\n    <a id=\"calltoactiongrid-block-block_f855bb28b8afb0b93223cd1a66977c77\" target=\"\" href=\"http:\/\/ifesworld.org\/fr\/universite\/\" class=\"grid-cta__button btn btn--secondary\">\n        <span>\n        En savoir plus        <\/span>\n    <\/a>\n<\/div>\n\n                  <\/div>\n              <\/article>\n          <\/li>\n                <li class=\"post__item flex flex--column\">\n              <article>\n                  <figure class=\"image--absolute--center image--absolute--mask image--absolute--aspect-ratio aspect-ratio--4-3\">\n                    <img loading=\"lazy\" decoding=\"async\" width=\"300\" height=\"169\" src=\"https:\/\/fru2.ifesworld.org\/wp-content\/uploads\/2018\/06\/180612-300x169.jpg\" class=\"attachment-medium size-medium\" alt=\"180612 - Indonesia\" srcset=\"https:\/\/fru2.ifesworld.org\/wp-content\/uploads\/2018\/06\/180612-300x169.jpg 300w, https:\/\/fru2.ifesworld.org\/wp-content\/uploads\/2018\/06\/180612-768x432.jpg 768w, https:\/\/fru2.ifesworld.org\/wp-content\/uploads\/2018\/06\/180612-1024x576.jpg 1024w, https:\/\/fru2.ifesworld.org\/wp-content\/uploads\/2018\/06\/180612.jpg 2048w\" sizes=\"(max-width: 300px) 100vw, 300px\" \/>                  <\/figure>\n                  <div class=\"ctagrid__content flex flex--column flex--end\">\n                      <header class=\"ctagrid__header flex flex--center aspect-ratio--4-3\">\n                          <h2 class=\"h1 flex flex--column flex--center\">Pr\u00e9parer les leaders de demain<\/h2>\n                      <\/header>\n                      <p class=\"text--center\">L\u2019IFES investit dans les leaders \u00e9tudiants et les dipl\u00f4m\u00e9s dans le monde entier par le moyen de ses groupes \u00e9tudiants, ses mouvements nationaux et ses \u00e9v\u00e9nements r\u00e9gionaux.<\/p>\n                       \n<div class=\"align--center\">\n    <a id=\"calltoactiongrid-block-block_f855bb28b8afb0b93223cd1a66977c77\" target=\"\" href=\"http:\/\/ifesworld.org\/fr\/developper-de-nouveaux-leaders\/\" class=\"grid-cta__button btn btn--secondary\">\n        <span>\n        En savoir plus        <\/span>\n    <\/a>\n<\/div>\n\n                  <\/div>\n              <\/article>\n          <\/li>\n                <li class=\"post__item flex flex--column\">\n              <article>\n                  <figure class=\"image--absolute--center image--absolute--mask image--absolute--aspect-ratio aspect-ratio--4-3\">\n                    <img loading=\"lazy\" decoding=\"async\" width=\"300\" height=\"168\" src=\"https:\/\/fru2.ifesworld.org\/wp-content\/uploads\/2018\/05\/180522-Russia-300x168.jpg\" class=\"attachment-medium size-medium\" alt=\"180522 - Russia\" srcset=\"https:\/\/fru2.ifesworld.org\/wp-content\/uploads\/2018\/05\/180522-Russia-300x169.jpg 300w, https:\/\/fru2.ifesworld.org\/wp-content\/uploads\/2018\/05\/180522-Russia-768x431.jpg 768w, https:\/\/fru2.ifesworld.org\/wp-content\/uploads\/2018\/05\/180522-Russia.jpg 960w\" sizes=\"(max-width: 300px) 100vw, 300px\" \/>                  <\/figure>\n                  <div class=\"ctagrid__content flex flex--column flex--end\">\n                      <header class=\"ctagrid__header flex flex--center aspect-ratio--4-3\">\n                          <h2 class=\"h1 flex flex--column flex--center\">Fortifier les mouvements nationaux<\/h2>\n                      <\/header>\n                      <p class=\"text--center\">Les \u00e9quipes r\u00e9gionales de l\u2019IFES offrent des programmes de formation, des ressources et le soutien n\u00e9cessaire pour que les mouvements nationaux prosp\u00e8rent dans leurs contextes particuliers.<\/p>\n                       \n<div class=\"align--center\">\n    <a id=\"calltoactiongrid-block-block_f855bb28b8afb0b93223cd1a66977c77\" target=\"\" href=\"http:\/\/ifesworld.org\/fr\/renforcer-les-mouvements-nationaux\/\" class=\"grid-cta__button btn btn--secondary\">\n        <span>\n        En savoir plus        <\/span>\n    <\/a>\n<\/div>\n\n                  <\/div>\n              <\/article>\n          <\/li>\n          <\/ul>\n<\/section>\n<\/div>\n\n<div class=\"wp-block block-core-group alignfull\">\n<div class=\"wp-block-group alignfull has-primary-background-color has-background\"><div class=\"wp-block-group__inner-container is-layout-flow wp-block-group-is-layout-flow\"><div class=\"wp-block block-core-heading\">\n<h1 class=\"wp-block-heading has-text-align-center has-white-color has-text-color\"><strong>L\u00e0 o\u00f9 l\u2019IFES est \u00e0 l&rsquo;\u0153uvre<\/strong><\/h1>\n<\/div>\n\n<div class=\"wp-block block-acf-spacer\">\n<div id=\"spacer-block_5cfa03286ad2c6d560ee6e49eaecde6a\" class=\"\">\n    <div aria-hidden=\"true\" class=\"wp-block-spacer spacer--lg\"><\/div>\n<\/div>\n<\/div>\n\n<div class=\"wp-block block-acf-regionlistmap alignwide\">\n<section id=\"region-list-block_9ec8fc74e64254140696076037263c96\" class=\"alignwide region-list-container\">\n    <img decoding=\"async\" class=\"region-list__map\" src=\"\/wp-content\/themes\/ifes\/assets\/images\/svg\/IFES_World_Connect_Map.svg\">\n    <div class=\"region-list__container flex full-width full-height\">\n        <ul class=\"region-list no-style\">\n          <li class=\"region region--south-pacific\"><a class=\"btn btn--south-pacific\" href=\"https:\/\/fru2.ifesworld.org\/fr\/region\/pacifiquesud\/\"><span>Pacifique sud<\/span><\/a><\/li><li class=\"region region--east-asia\"><a class=\"btn btn--east-asia\" href=\"https:\/\/fru2.ifesworld.org\/fr\/region\/asiedelest\/\"><span>Asie de l\u2019Est<\/span><\/a><\/li><li class=\"region region--south-asia\"><a class=\"btn btn--south-asia\" href=\"https:\/\/fru2.ifesworld.org\/fr\/region\/asiedusud\/\"><span>Asie du Sud<\/span><\/a><\/li><li class=\"region region--eurasia\"><a class=\"btn btn--eurasia\" href=\"https:\/\/fru2.ifesworld.org\/fr\/region\/eurasie\/\"><span>Eurasie<\/span><\/a><\/li><li class=\"region region--epsa\"><a class=\"btn btn--epsa\" href=\"https:\/\/fru2.ifesworld.org\/fr\/region\/epsa\/\"><span>EPSA<\/span><\/a><\/li><li class=\"region region--mena\"><a class=\"btn btn--mena\" href=\"https:\/\/fru2.ifesworld.org\/fr\/region\/mena\/\"><span>MENA<\/span><\/a><\/li><li class=\"region region--caribbean\"><a class=\"btn btn--caribbean\" href=\"https:\/\/fru2.ifesworld.org\/fr\/region\/caraibe\/\"><span>Cara\u00efbe<\/span><\/a><\/li><li class=\"region region--europe\"><a class=\"btn btn--europe\" href=\"https:\/\/fru2.ifesworld.org\/fr\/region\/europe\/\"><span>Europe<\/span><\/a><\/li><li class=\"region region--latin-america\"><a class=\"btn btn--latin-america\" href=\"https:\/\/fru2.ifesworld.org\/fr\/region\/ameriquelatine\/\"><span>Am\u00e9rique latine<\/span><\/a><\/li><li class=\"region region--north-america\"><a class=\"btn btn--north-america\" href=\"https:\/\/fru2.ifesworld.org\/fr\/region\/ameriquedunord\/\"><span>Am\u00e9rique du Nord<\/span><\/a><\/li><li class=\"region region--francophone-africa\"><a class=\"btn btn--francophone-africa\" href=\"https:\/\/fru2.ifesworld.org\/fr\/region\/afriquefrancophone\/\"><span>Afrique francophone<\/span><\/a><\/li>        <\/ul>\n    <\/div>\n<\/section>\n\n<\/div><\/div>\n<\/div><\/div>\n\n<div class=\"wp-block block-core-group alignfull\">\n<div class=\"wp-block-group alignfull has-white-dark-background-color has-background\"><div class=\"wp-block-group__inner-container is-layout-flow wp-block-group-is-layout-flow\"><div class=\"wp-block block-core-heading\">\n<h1 class=\"wp-block-heading has-text-align-center\">Lisez les r\u00e9cits du minist\u00e8re de l\u2019IFES parmi les \u00e9tudiants \u00e0 travers le monde. <\/h1>\n<\/div>\n\n<div class=\"wp-block block-acf-spacer\">\n<div id=\"spacer-block_5cfa03286ad2c6d560ee6e49eaecde6a\" class=\"\">\n    <div aria-hidden=\"true\" class=\"wp-block-spacer spacer--lg\"><\/div>\n<\/div>\n<\/div>\n\n<div class=\"wp-block block-acf-ifesposts alignwide\"><section id=\"post-list-latest-post-block_05e83ae1e8ae70b3cbafc9b5e2a98fba\" class='alignwide latest-post-list list--conexion'>\n            <ul class='post-list items--6 flex flex--wrap flex--center'>\n      <li class='post__item flex flex--column'>\n          <article id=\"post-241\" class=\"article-thumbnail article--conexion\">\n              <a href='https:\/\/fru2.ifesworld.org\/fr\/blog\/%f0%9f%93%9d-le-ministere-etudiant-a-lere-numerique\/' class=\"post__link\"  rel=\"bookmark\">\n                  <figure class='post__image  image--absolute--center image--absolute--mask'>\n                      <img loading=\"lazy\" decoding=\"async\" width=\"740\" height=\"434\" src=\"https:\/\/fru2.ifesworld.org\/wp-content\/uploads\/2024\/09\/1-students-with-mobile-phones-scaled-e1726169079556-1024x600.jpg\" class=\"attachment-large size-large wp-post-image\" alt=\"students, digital age, student ministry, using smart phones, digital natives\" srcset=\"https:\/\/fru2.ifesworld.org\/wp-content\/uploads\/2024\/09\/1-students-with-mobile-phones-scaled-e1726169079556-1024x600.jpg 1024w, https:\/\/fru2.ifesworld.org\/wp-content\/uploads\/2024\/09\/1-students-with-mobile-phones-scaled-e1726169079556-300x176.jpg 300w, https:\/\/fru2.ifesworld.org\/wp-content\/uploads\/2024\/09\/1-students-with-mobile-phones-scaled-e1726169079556-768x450.jpg 768w, https:\/\/fru2.ifesworld.org\/wp-content\/uploads\/2024\/09\/1-students-with-mobile-phones-scaled-e1726169079556-1536x901.jpg 1536w, https:\/\/fru2.ifesworld.org\/wp-content\/uploads\/2024\/09\/1-students-with-mobile-phones-scaled-e1726169079556-2048x1201.jpg 2048w\" sizes=\"(max-width: 740px) 100vw, 740px\" \/>                  <\/figure>\n                  <header class='post__content flex flex--column flex--end'>\n                      <p class='post__meta'>Conexi\u00f3n<\/p>\n                      <h1 class='post__title'>\n                          \ud83d\udcdd Le minist\u00e8re \u00e9tudiant \u00e0 l\u2019\u00e8re num\u00e9rique\u202f:                      <\/h1>\n                                                <small>Utiliser la technologie pour atteindre et outiller les natifs du num\u00e9rique \ud83d\udedc<\/small>\n                                        <\/header>\n                  <i class=\"icon-container regional-logo icon--ifes\">\n                                            <svg class=\"icon logo logo--bg-white\">\n                            <use xlink:href=\"#IFES-logo\"><\/use>\n                        <\/svg>\n                                      <\/i>\n              <\/a>\n          <\/article>\n      <\/li>\n\n    \n      <li class='post__item flex flex--column'>\n          <article id=\"post-241\" class=\"article-thumbnail article--conexion\">\n              <a href='https:\/\/fru2.ifesworld.org\/fr\/blog\/les-congres-chretiens-un-simple-moment-fort-ou-un-impact-durable\/' class=\"post__link\"  rel=\"bookmark\">\n                  <figure class='post__image  image--absolute--center image--absolute--mask'>\n                      <img loading=\"lazy\" decoding=\"async\" width=\"740\" height=\"494\" src=\"https:\/\/fru2.ifesworld.org\/wp-content\/uploads\/2024\/08\/Photo1-WA23-Worship-4-1024x683.jpg\" class=\"attachment-large size-large wp-post-image\" alt=\"conferencia, alabanza, alegr\u00eda, estudiantes\" srcset=\"https:\/\/fru2.ifesworld.org\/wp-content\/uploads\/2024\/08\/Photo1-WA23-Worship-4-1024x683.jpg 1024w, https:\/\/fru2.ifesworld.org\/wp-content\/uploads\/2024\/08\/Photo1-WA23-Worship-4-300x200.jpg 300w, https:\/\/fru2.ifesworld.org\/wp-content\/uploads\/2024\/08\/Photo1-WA23-Worship-4-768x512.jpg 768w, https:\/\/fru2.ifesworld.org\/wp-content\/uploads\/2024\/08\/Photo1-WA23-Worship-4-1536x1024.jpg 1536w, https:\/\/fru2.ifesworld.org\/wp-content\/uploads\/2024\/08\/Photo1-WA23-Worship-4-2048x1365.jpg 2048w\" sizes=\"(max-width: 740px) 100vw, 740px\" \/>                  <\/figure>\n                  <header class='post__content flex flex--column flex--end'>\n                      <p class='post__meta'>Conexi\u00f3n<\/p>\n                      <h1 class='post__title'>\n                          LES CONGR\u00c8S CHR\u00c9TIENS\u00a0: UN SIMPLE MOMENT FORT OU UN IMPACT DURABLE\u00a0?                      <\/h1>\n                                                <small>Une enqu\u00eate sur l\u2019influence du rassemblement mondial de l\u2019IFES \u2014 un an plus tard<\/small>\n                                        <\/header>\n                  <i class=\"icon-container regional-logo icon--ifes\">\n                                            <svg class=\"icon logo logo--bg-white\">\n                            <use xlink:href=\"#IFES-logo\"><\/use>\n                        <\/svg>\n                                      <\/i>\n              <\/a>\n          <\/article>\n      <\/li>\n\n    \n      <li class='post__item flex flex--column'>\n          <article id=\"post-241\" class=\"article-thumbnail article--conexion\">\n              <a href='https:\/\/fru2.ifesworld.org\/fr\/blog\/la-bible-est-elle-pertinente-pour-le-monde-daujourdhui\/' class=\"post__link\"  rel=\"bookmark\">\n                  <figure class='post__image  image--absolute--center image--absolute--mask'>\n                      <img loading=\"lazy\" decoding=\"async\" width=\"740\" height=\"494\" src=\"https:\/\/fru2.ifesworld.org\/wp-content\/uploads\/2024\/07\/3-small-group-discussion-diverse-1024x683.jpg\" class=\"attachment-large size-large wp-post-image\" alt=\"students small group Bible study\" srcset=\"https:\/\/fru2.ifesworld.org\/wp-content\/uploads\/2024\/07\/3-small-group-discussion-diverse-1024x683.jpg 1024w, https:\/\/fru2.ifesworld.org\/wp-content\/uploads\/2024\/07\/3-small-group-discussion-diverse-300x200.jpg 300w, https:\/\/fru2.ifesworld.org\/wp-content\/uploads\/2024\/07\/3-small-group-discussion-diverse-768x512.jpg 768w, https:\/\/fru2.ifesworld.org\/wp-content\/uploads\/2024\/07\/3-small-group-discussion-diverse-1536x1024.jpg 1536w, https:\/\/fru2.ifesworld.org\/wp-content\/uploads\/2024\/07\/3-small-group-discussion-diverse-2048x1365.jpg 2048w\" sizes=\"(max-width: 740px) 100vw, 740px\" \/>                  <\/figure>\n                  <header class='post__content flex flex--column flex--end'>\n                      <p class='post__meta'>Conexi\u00f3n<\/p>\n                      <h1 class='post__title'>\n                          La Bible est-elle pertinente pour le monde d\u2019aujourd\u2019hui\u202f?                      <\/h1>\n                                                <small>Six \u00e9tapes pour discerner les perspectives bibliques sur les enjeux contemporains<\/small>\n                                        <\/header>\n                  <i class=\"icon-container regional-logo icon--ifes\">\n                                            <svg class=\"icon logo logo--bg-white\">\n                            <use xlink:href=\"#IFES-logo\"><\/use>\n                        <\/svg>\n                                      <\/i>\n              <\/a>\n          <\/article>\n      <\/li>\n\n    \n      <li class='post__item flex flex--column'>\n          <article id=\"post-241\" class=\"article-thumbnail article--conexion\">\n              <a href='https:\/\/fru2.ifesworld.org\/fr\/blog\/le-ministere-etudiant-a-la-fin-des-temps\/' class=\"post__link\"  rel=\"bookmark\">\n                  <figure class='post__image  image--absolute--center image--absolute--mask'>\n                      <img loading=\"lazy\" decoding=\"async\" width=\"740\" height=\"528\" src=\"https:\/\/fru2.ifesworld.org\/wp-content\/uploads\/2024\/04\/11-end-witnesses-Greece-1024x731.jpg\" class=\"attachment-large size-large wp-post-image\" alt=\"\" srcset=\"https:\/\/fru2.ifesworld.org\/wp-content\/uploads\/2024\/04\/11-end-witnesses-Greece-1024x731.jpg 1024w, https:\/\/fru2.ifesworld.org\/wp-content\/uploads\/2024\/04\/11-end-witnesses-Greece-300x214.jpg 300w, https:\/\/fru2.ifesworld.org\/wp-content\/uploads\/2024\/04\/11-end-witnesses-Greece-768x549.jpg 768w, https:\/\/fru2.ifesworld.org\/wp-content\/uploads\/2024\/04\/11-end-witnesses-Greece-1536x1097.jpg 1536w, https:\/\/fru2.ifesworld.org\/wp-content\/uploads\/2024\/04\/11-end-witnesses-Greece-2048x1463.jpg 2048w\" sizes=\"(max-width: 740px) 100vw, 740px\" \/>                  <\/figure>\n                  <header class='post__content flex flex--column flex--end'>\n                      <p class='post__meta'>Conexi\u00f3n<\/p>\n                      <h1 class='post__title'>\n                          Le minist\u00e8re \u00e9tudiant \u00e0 la fin des temps\u00a0                      <\/h1>\n                                                <small>10 principes tir\u00e9s du livre des Actes<\/small>\n                                        <\/header>\n                  <i class=\"icon-container regional-logo icon--ifes\">\n                                            <svg class=\"icon logo logo--bg-white\">\n                            <use xlink:href=\"#IFES-logo\"><\/use>\n                        <\/svg>\n                                      <\/i>\n              <\/a>\n          <\/article>\n      <\/li>\n\n    \n      <li class='post__item flex flex--column'>\n          <article id=\"post-241\" class=\"article-thumbnail article--conexion\">\n              <a href='https:\/\/fru2.ifesworld.org\/fr\/blog\/perspectives-internationales-sur-le-don\/' class=\"post__link\"  rel=\"bookmark\">\n                  <figure class='post__image  image--absolute--center image--absolute--mask'>\n                      <img loading=\"lazy\" decoding=\"async\" width=\"740\" height=\"555\" src=\"https:\/\/fru2.ifesworld.org\/wp-content\/uploads\/2024\/04\/Imagem-do-WhatsApp-de-2023-12-12-as-16.35.48_e520ca41-1024x768.jpg\" class=\"attachment-large size-large wp-post-image\" alt=\"\" srcset=\"https:\/\/fru2.ifesworld.org\/wp-content\/uploads\/2024\/04\/Imagem-do-WhatsApp-de-2023-12-12-as-16.35.48_e520ca41-1024x768.jpg 1024w, https:\/\/fru2.ifesworld.org\/wp-content\/uploads\/2024\/04\/Imagem-do-WhatsApp-de-2023-12-12-as-16.35.48_e520ca41-300x225.jpg 300w, https:\/\/fru2.ifesworld.org\/wp-content\/uploads\/2024\/04\/Imagem-do-WhatsApp-de-2023-12-12-as-16.35.48_e520ca41-768x576.jpg 768w, https:\/\/fru2.ifesworld.org\/wp-content\/uploads\/2024\/04\/Imagem-do-WhatsApp-de-2023-12-12-as-16.35.48_e520ca41-1536x1152.jpg 1536w, https:\/\/fru2.ifesworld.org\/wp-content\/uploads\/2024\/04\/Imagem-do-WhatsApp-de-2023-12-12-as-16.35.48_e520ca41.jpg 1600w\" sizes=\"(max-width: 740px) 100vw, 740px\" \/>                  <\/figure>\n                  <header class='post__content flex flex--column flex--end'>\n                      <p class='post__meta'>Conexi\u00f3n<\/p>\n                      <h1 class='post__title'>\n                          Perspectives internationales sur le don\u00a0                      <\/h1>\n                                                <small>R\u00e9flexions th\u00e9ologiques, personnelles et m\u00e9ditatives du monde de l\u2019IFES<\/small>\n                                        <\/header>\n                  <i class=\"icon-container regional-logo icon--ifes\">\n                                            <svg class=\"icon logo logo--bg-white\">\n                            <use xlink:href=\"#IFES-logo\"><\/use>\n                        <\/svg>\n                                      <\/i>\n              <\/a>\n          <\/article>\n      <\/li>\n\n    \n      <li class='post__item flex flex--column'>\n          <article id=\"post-241\" class=\"article-thumbnail article--conexion\">\n              <a href='https:\/\/fru2.ifesworld.org\/fr\/blog\/mission-pas-encore-accomplie\/' class=\"post__link\"  rel=\"bookmark\">\n                  <figure class='post__image  image--absolute--center image--absolute--mask'>\n                      <img loading=\"lazy\" decoding=\"async\" width=\"740\" height=\"622\" src=\"https:\/\/fru2.ifesworld.org\/wp-content\/uploads\/2024\/03\/BNG-Tee-1024x861.jpg\" class=\"attachment-large size-large wp-post-image\" alt=\"\" srcset=\"https:\/\/fru2.ifesworld.org\/wp-content\/uploads\/2024\/03\/BNG-Tee-1024x861.jpg 1024w, https:\/\/fru2.ifesworld.org\/wp-content\/uploads\/2024\/03\/BNG-Tee-300x252.jpg 300w, https:\/\/fru2.ifesworld.org\/wp-content\/uploads\/2024\/03\/BNG-Tee-768x646.jpg 768w, https:\/\/fru2.ifesworld.org\/wp-content\/uploads\/2024\/03\/BNG-Tee-1536x1292.jpg 1536w, https:\/\/fru2.ifesworld.org\/wp-content\/uploads\/2024\/03\/BNG-Tee-2048x1723.jpg 2048w\" sizes=\"(max-width: 740px) 100vw, 740px\" \/>                  <\/figure>\n                  <header class='post__content flex flex--column flex--end'>\n                      <p class='post__meta'>Conexi\u00f3n<\/p>\n                      <h1 class='post__title'>\n                          Mission pas encore accomplie                      <\/h1>\n                                                <small>D\u00e9fricher de nouveaux territoires dans le monde<\/small>\n                                        <\/header>\n                  <i class=\"icon-container regional-logo icon--ifes\">\n                                            <svg class=\"icon logo logo--bg-white\">\n                            <use xlink:href=\"#IFES-logo\"><\/use>\n                        <\/svg>\n                                      <\/i>\n              <\/a>\n          <\/article>\n      <\/li>\n\n    <\/ul><\/section><\/div><\/div>\n<\/div><\/div>","protected":false},"excerpt":{"rendered":"<p>L\u2019IFES travaille dans plus de 180 pays en vue d\u2019y \u00e9tablir et de soutenir des mouvements chr\u00e9tiens indig\u00e8nes dirig\u00e9s par les \u00e9tudiants. Au c\u0153ur de ce que nous faisons, il y a le d\u00e9sir de voir les \u00e9tudiants qui croissent ensemble en tant que communaut\u00e9s de disciples transform\u00e9s par l\u2019\u00c9vangile et ayant un impact \u00e0&#8230;<\/p>\n","protected":false},"author":2,"featured_media":33355,"parent":0,"menu_order":0,"comment_status":"closed","ping_status":"closed","template":"","meta":{"_acf_changed":false,"inline_featured_image":false,"footnotes":""},"area":[],"theme":[],"class_list":["post-241","page","type-page","status-publish","has-post-thumbnail","hentry"],"acf":[],"yoast_head":"<!-- This site is optimized with the Yoast SEO plugin v23.7 - https:\/\/yoast.com\/wordpress\/plugins\/seo\/ -->\n<title>Notre travail &#183; IFES<\/title>\n<meta name=\"description\" content=\"L\u2019IFES travaille dans plus de 180 pays en vue d\u2019y \u00e9tablir et de soutenir des mouvements chr\u00e9tiens indig\u00e8nes dirig\u00e9s par les \u00e9tudiants. Au c\u0153ur de ce que\" \/>\n<meta name=\"robots\" content=\"noindex, follow, max-snippet:-1, max-image-preview:large, max-video-preview:-1\" \/>\n<meta property=\"og:locale\" content=\"fr_FR\" \/>\n<meta property=\"og:type\" content=\"article\" \/>\n<meta property=\"og:title\" content=\"Notre travail &#183; IFES\" \/>\n<meta property=\"og:description\" content=\"L\u2019IFES travaille dans plus de 180 pays en vue d\u2019y \u00e9tablir et de soutenir des mouvements chr\u00e9tiens indig\u00e8nes dirig\u00e9s par les \u00e9tudiants. Au c\u0153ur de ce que\" \/>\n<meta property=\"og:url\" content=\"https:\/\/ifesworld.org\/fr\/notre-travail\/\" \/>\n<meta property=\"og:site_name\" content=\"IFES\" \/>\n<meta property=\"article:modified_time\" content=\"2024-01-24T15:00:10+00:00\" \/>\n<meta property=\"og:image\" content=\"https:\/\/ifesworld.org\/wp-content\/uploads\/2024\/01\/IFESWA2023_Finals_DK-168-2.jpg\" \/>\n\t<meta property=\"og:image:width\" content=\"2048\" \/>\n\t<meta property=\"og:image:height\" content=\"1365\" \/>\n\t<meta property=\"og:image:type\" content=\"image\/jpeg\" \/>\n<meta name=\"twitter:card\" content=\"summary_large_image\" \/>\n<meta name=\"twitter:label1\" content=\"Dur\u00e9e de lecture estim\u00e9e\" \/>\n\t<meta name=\"twitter:data1\" content=\"1 minute\" \/>\n<script type=\"application\/ld+json\" class=\"yoast-schema-graph\">{\"@context\":\"https:\/\/schema.org\",\"@graph\":[{\"@type\":\"WebPage\",\"@id\":\"https:\/\/ifesworld.org\/fr\/notre-travail\/\",\"url\":\"https:\/\/ifesworld.org\/fr\/notre-travail\/\",\"name\":\"Notre travail &#183; IFES\",\"isPartOf\":{\"@id\":\"https:\/\/fru2.ifesworld.org\/en\/#website\"},\"primaryImageOfPage\":{\"@id\":\"https:\/\/ifesworld.org\/fr\/notre-travail\/#primaryimage\"},\"image\":{\"@id\":\"https:\/\/ifesworld.org\/fr\/notre-travail\/#primaryimage\"},\"thumbnailUrl\":\"https:\/\/fru2.ifesworld.org\/wp-content\/uploads\/2024\/01\/IFESWA2023_Finals_DK-168-2.jpg\",\"datePublished\":\"2019-04-17T07:40:31+00:00\",\"dateModified\":\"2024-01-24T15:00:10+00:00\",\"description\":\"L\u2019IFES travaille dans plus de 180 pays en vue d\u2019y \u00e9tablir et de soutenir des mouvements chr\u00e9tiens indig\u00e8nes dirig\u00e9s par les \u00e9tudiants. Au c\u0153ur de ce que\",\"breadcrumb\":{\"@id\":\"https:\/\/ifesworld.org\/fr\/notre-travail\/#breadcrumb\"},\"inLanguage\":\"fr-FR\",\"potentialAction\":[{\"@type\":\"ReadAction\",\"target\":[\"https:\/\/ifesworld.org\/fr\/notre-travail\/\"]}]},{\"@type\":\"ImageObject\",\"inLanguage\":\"fr-FR\",\"@id\":\"https:\/\/ifesworld.org\/fr\/notre-travail\/#primaryimage\",\"url\":\"https:\/\/fru2.ifesworld.org\/wp-content\/uploads\/2024\/01\/IFESWA2023_Finals_DK-168-2.jpg\",\"contentUrl\":\"https:\/\/fru2.ifesworld.org\/wp-content\/uploads\/2024\/01\/IFESWA2023_Finals_DK-168-2.jpg\",\"width\":2048,\"height\":1365},{\"@type\":\"BreadcrumbList\",\"@id\":\"https:\/\/ifesworld.org\/fr\/notre-travail\/#breadcrumb\",\"itemListElement\":[{\"@type\":\"ListItem\",\"position\":1,\"name\":\"Home\",\"item\":\"https:\/\/fru2.ifesworld.org\/fr\/\"},{\"@type\":\"ListItem\",\"position\":2,\"name\":\"Notre travail\"}]},{\"@type\":\"WebSite\",\"@id\":\"https:\/\/fru2.ifesworld.org\/en\/#website\",\"url\":\"https:\/\/fru2.ifesworld.org\/en\/\",\"name\":\"IFES\",\"description\":\"A movement of students sharing and living out the good news of Jesus Christ. Locally. Nationally. Globally.\",\"publisher\":{\"@id\":\"https:\/\/fru2.ifesworld.org\/en\/#organization\"},\"potentialAction\":[{\"@type\":\"SearchAction\",\"target\":{\"@type\":\"EntryPoint\",\"urlTemplate\":\"https:\/\/fru2.ifesworld.org\/en\/?s={search_term_string}\"},\"query-input\":{\"@type\":\"PropertyValueSpecification\",\"valueRequired\":true,\"valueName\":\"search_term_string\"}}],\"inLanguage\":\"fr-FR\"},{\"@type\":\"Organization\",\"@id\":\"https:\/\/fru2.ifesworld.org\/en\/#organization\",\"name\":\"IFES \u00b7 International Fellowship of Evangelical Students\",\"url\":\"https:\/\/fru2.ifesworld.org\/en\/\",\"logo\":{\"@type\":\"ImageObject\",\"inLanguage\":\"fr-FR\",\"@id\":\"https:\/\/fru2.ifesworld.org\/en\/#\/schema\/logo\/image\/\",\"url\":\"https:\/\/ifesworld.org\/wp-content\/uploads\/2019\/06\/ifeslogo.png\",\"contentUrl\":\"https:\/\/ifesworld.org\/wp-content\/uploads\/2019\/06\/ifeslogo.png\",\"width\":262,\"height\":262,\"caption\":\"IFES \u00b7 International Fellowship of Evangelical Students\"},\"image\":{\"@id\":\"https:\/\/fru2.ifesworld.org\/en\/#\/schema\/logo\/image\/\"}}]}<\/script>\n<!-- \/ Yoast SEO plugin. -->","yoast_head_json":{"title":"Notre travail &#183; IFES","description":"L\u2019IFES travaille dans plus de 180 pays en vue d\u2019y \u00e9tablir et de soutenir des mouvements chr\u00e9tiens indig\u00e8nes dirig\u00e9s par les \u00e9tudiants. Au c\u0153ur de ce que","robots":{"index":"noindex","follow":"follow","max-snippet":"max-snippet:-1","max-image-preview":"max-image-preview:large","max-video-preview":"max-video-preview:-1"},"og_locale":"fr_FR","og_type":"article","og_title":"Notre travail &#183; IFES","og_description":"L\u2019IFES travaille dans plus de 180 pays en vue d\u2019y \u00e9tablir et de soutenir des mouvements chr\u00e9tiens indig\u00e8nes dirig\u00e9s par les \u00e9tudiants. Au c\u0153ur de ce que","og_url":"https:\/\/ifesworld.org\/fr\/notre-travail\/","og_site_name":"IFES","article_modified_time":"2024-01-24T15:00:10+00:00","og_image":[{"width":2048,"height":1365,"url":"https:\/\/ifesworld.org\/wp-content\/uploads\/2024\/01\/IFESWA2023_Finals_DK-168-2.jpg","type":"image\/jpeg"}],"twitter_card":"summary_large_image","twitter_misc":{"Dur\u00e9e de lecture estim\u00e9e":"1 minute"},"schema":{"@context":"https:\/\/schema.org","@graph":[{"@type":"WebPage","@id":"https:\/\/ifesworld.org\/fr\/notre-travail\/","url":"https:\/\/ifesworld.org\/fr\/notre-travail\/","name":"Notre travail &#183; IFES","isPartOf":{"@id":"https:\/\/fru2.ifesworld.org\/en\/#website"},"primaryImageOfPage":{"@id":"https:\/\/ifesworld.org\/fr\/notre-travail\/#primaryimage"},"image":{"@id":"https:\/\/ifesworld.org\/fr\/notre-travail\/#primaryimage"},"thumbnailUrl":"https:\/\/fru2.ifesworld.org\/wp-content\/uploads\/2024\/01\/IFESWA2023_Finals_DK-168-2.jpg","datePublished":"2019-04-17T07:40:31+00:00","dateModified":"2024-01-24T15:00:10+00:00","description":"L\u2019IFES travaille dans plus de 180 pays en vue d\u2019y \u00e9tablir et de soutenir des mouvements chr\u00e9tiens indig\u00e8nes dirig\u00e9s par les \u00e9tudiants. Au c\u0153ur de ce que","breadcrumb":{"@id":"https:\/\/ifesworld.org\/fr\/notre-travail\/#breadcrumb"},"inLanguage":"fr-FR","potentialAction":[{"@type":"ReadAction","target":["https:\/\/ifesworld.org\/fr\/notre-travail\/"]}]},{"@type":"ImageObject","inLanguage":"fr-FR","@id":"https:\/\/ifesworld.org\/fr\/notre-travail\/#primaryimage","url":"https:\/\/fru2.ifesworld.org\/wp-content\/uploads\/2024\/01\/IFESWA2023_Finals_DK-168-2.jpg","contentUrl":"https:\/\/fru2.ifesworld.org\/wp-content\/uploads\/2024\/01\/IFESWA2023_Finals_DK-168-2.jpg","width":2048,"height":1365},{"@type":"BreadcrumbList","@id":"https:\/\/ifesworld.org\/fr\/notre-travail\/#breadcrumb","itemListElement":[{"@type":"ListItem","position":1,"name":"Home","item":"https:\/\/fru2.ifesworld.org\/fr\/"},{"@type":"ListItem","position":2,"name":"Notre travail"}]},{"@type":"WebSite","@id":"https:\/\/fru2.ifesworld.org\/en\/#website","url":"https:\/\/fru2.ifesworld.org\/en\/","name":"IFES","description":"A movement of students sharing and living out the good news of Jesus Christ. Locally. Nationally. Globally.","publisher":{"@id":"https:\/\/fru2.ifesworld.org\/en\/#organization"},"potentialAction":[{"@type":"SearchAction","target":{"@type":"EntryPoint","urlTemplate":"https:\/\/fru2.ifesworld.org\/en\/?s={search_term_string}"},"query-input":{"@type":"PropertyValueSpecification","valueRequired":true,"valueName":"search_term_string"}}],"inLanguage":"fr-FR"},{"@type":"Organization","@id":"https:\/\/fru2.ifesworld.org\/en\/#organization","name":"IFES \u00b7 International Fellowship of Evangelical Students","url":"https:\/\/fru2.ifesworld.org\/en\/","logo":{"@type":"ImageObject","inLanguage":"fr-FR","@id":"https:\/\/fru2.ifesworld.org\/en\/#\/schema\/logo\/image\/","url":"https:\/\/ifesworld.org\/wp-content\/uploads\/2019\/06\/ifeslogo.png","contentUrl":"https:\/\/ifesworld.org\/wp-content\/uploads\/2019\/06\/ifeslogo.png","width":262,"height":262,"caption":"IFES \u00b7 International Fellowship of Evangelical Students"},"image":{"@id":"https:\/\/fru2.ifesworld.org\/en\/#\/schema\/logo\/image\/"}}]}},"_links":{"self":[{"href":"https:\/\/fru2.ifesworld.org\/fr\/wp-json\/wp\/v2\/pages\/241","targetHints":{"allow":["GET"]}}],"collection":[{"href":"https:\/\/fru2.ifesworld.org\/fr\/wp-json\/wp\/v2\/pages"}],"about":[{"href":"https:\/\/fru2.ifesworld.org\/fr\/wp-json\/wp\/v2\/types\/page"}],"author":[{"embeddable":true,"href":"https:\/\/fru2.ifesworld.org\/fr\/wp-json\/wp\/v2\/users\/2"}],"replies":[{"embeddable":true,"href":"https:\/\/fru2.ifesworld.org\/fr\/wp-json\/wp\/v2\/comments?post=241"}],"version-history":[{"count":11,"href":"https:\/\/fru2.ifesworld.org\/fr\/wp-json\/wp\/v2\/pages\/241\/revisions"}],"predecessor-version":[{"id":33357,"href":"https:\/\/fru2.ifesworld.org\/fr\/wp-json\/wp\/v2\/pages\/241\/revisions\/33357"}],"wp:featuredmedia":[{"embeddable":true,"href":"https:\/\/fru2.ifesworld.org\/fr\/wp-json\/wp\/v2\/media\/33355"}],"wp:attachment":[{"href":"https:\/\/fru2.ifesworld.org\/fr\/wp-json\/wp\/v2\/media?parent=241"}],"wp:term":[{"taxonomy":"area","embeddable":true,"href":"https:\/\/fru2.ifesworld.org\/fr\/wp-json\/wp\/v2\/area?post=241"},{"taxonomy":"theme","embeddable":true,"href":"https:\/\/fru2.ifesworld.org\/fr\/wp-json\/wp\/v2\/theme?post=241"}],"curies":[{"name":"wp","href":"https:\/\/api.w.org\/{rel}","templated":true}]}}